{"id":637,"date":"2025-04-30T22:25:16","date_gmt":"2025-04-30T19:25:16","guid":{"rendered":"https:\/\/apcb.ro\/partners\/"},"modified":"2025-08-31T02:02:52","modified_gmt":"2025-08-30T23:02:52","slug":"partners","status":"publish","type":"page","link":"https:\/\/apcb.ro\/en\/partners\/","title":{"rendered":"Partners"},"content":{"rendered":"<p>[et_pb_section fb_built=&#8221;1&#8243; disabled_on=&#8221;off|off|off&#8221; admin_label=&#8221;Header&#8221; _builder_version=&#8221;4.27.4&#8243; _module_preset=&#8221;default&#8221; background_image=&#8221;https:\/\/apcb.ro\/wp-content\/uploads\/2025\/03\/fundal-3-scaled.webp&#8221; background_position=&#8221;bottom_right&#8221; collapsed=&#8221;on&#8221; global_colors_info=&#8221;{}&#8221;][et_pb_row column_structure=&#8221;2_3,1_3&#8243; _builder_version=&#8221;4.27.4&#8243; _module_preset=&#8221;default&#8221; custom_padding=&#8221;0px||0px||true|false&#8221; animation_style=&#8221;slide&#8221; animation_direction=&#8221;bottom&#8221; animation_intensity_slide=&#8221;10%&#8221; animation_speed_curve=&#8221;ease-out&#8221; global_colors_info=&#8221;{}&#8221;][et_pb_column type=&#8221;2_3&#8243; _builder_version=&#8221;4.19.2&#8243; _module_preset=&#8221;default&#8221; global_colors_info=&#8221;{}&#8221;][et_pb_text _builder_version=&#8221;4.27.4&#8243; _module_preset=&#8221;b28d509d-61f8-46c8-9198-45d04076d349&#8243; text_text_color=&#8221;#333333&#8243; custom_margin=&#8221;||10px||false|false&#8221; header_text_color_tablet=&#8221;#000000&#8243; header_text_color_phone=&#8221;#000000&#8243; header_text_color_last_edited=&#8221;on|desktop&#8221; global_colors_info=&#8221;{}&#8221;]<\/p>\n<h1>Partners<\/h1>\n<p>[\/et_pb_text][\/et_pb_column][et_pb_column type=&#8221;1_3&#8243; _builder_version=&#8221;4.19.2&#8243; _module_preset=&#8221;default&#8221; global_colors_info=&#8221;{}&#8221;][\/et_pb_column][\/et_pb_row][et_pb_row column_structure=&#8221;1_4,1_4,1_4,1_4&#8243; _builder_version=&#8221;4.27.4&#8243; _module_preset=&#8221;default&#8221; hover_enabled=&#8221;0&#8243; global_colors_info=&#8221;{}&#8221; use_custom_gutter=&#8221;on&#8221; gutter_width=&#8221;4&#8243; sticky_enabled=&#8221;0&#8243;][et_pb_column type=&#8221;1_4&#8243; _builder_version=&#8221;4.19.2&#8243; _module_preset=&#8221;default&#8221; global_colors_info=&#8221;{}&#8221;][et_pb_image src=&#8221;https:\/\/apcb.ro\/wp-content\/uploads\/2025\/04\/Akademsko-Drustvo-Za-Negovanje-Muzike-Gusle-Kikinda-Republic-Of-Serbia.png&#8221; title_text=&#8221;Akademsko Dru\u0161tvo Za Negovanje Muzike Gusle Kikinda, Republic Of Serbia&#8221; align=&#8221;center&#8221; _builder_version=&#8221;4.27.4&#8243; _module_preset=&#8221;default&#8221; animation_style=&#8221;slide&#8221; animation_direction=&#8221;bottom&#8221; animation_intensity_slide=&#8221;10%&#8221; global_colors_info=&#8221;{}&#8221;][\/et_pb_image][et_pb_text _builder_version=&#8221;4.27.4&#8243; _module_preset=&#8221;e3006fe3-bd0f-421a-8256-44215653fa0d&#8221; custom_margin=&#8221;||30px||false|false&#8221; animation_style=&#8221;slide&#8221; animation_direction=&#8221;bottom&#8221; animation_intensity_slide=&#8221;10%&#8221; global_colors_info=&#8221;{}&#8221;]<\/p>\n<p style=\"text-align: center;\">Academic Society for Music Cultivation Gusle Kikinda, Republic of Serbia<\/p>\n<p>[\/et_pb_text][\/et_pb_column][et_pb_column type=&#8221;1_4&#8243; _builder_version=&#8221;4.19.2&#8243; _module_preset=&#8221;default&#8221; global_colors_info=&#8221;{}&#8221;][et_pb_image src=&#8221;https:\/\/apcb.ro\/wp-content\/uploads\/2025\/04\/INTERNATIONAL-FESTIVAL-FOR-TRADITIONAL-SONGS-AND-DANCES-ILINDEN-DAYS-\u2013-BITOLA-REPUBLIC-NORTH-MACEDONIA.png&#8221; title_text=&#8221;INTERNATIONAL FESTIVAL FOR TRADITIONAL SONGS AND DANCES ILINDEN DAYS \u2013 BITOLA, REPUBLIC NORTH MACEDONIA&#8221; align=&#8221;center&#8221; _builder_version=&#8221;4.27.4&#8243; _module_preset=&#8221;default&#8221; animation_style=&#8221;slide&#8221; animation_direction=&#8221;bottom&#8221; animation_intensity_slide=&#8221;10%&#8221; hover_enabled=&#8221;0&#8243; global_colors_info=&#8221;{}&#8221; sticky_enabled=&#8221;0&#8243;][\/et_pb_image][et_pb_text _builder_version=&#8221;4.27.4&#8243; _module_preset=&#8221;e3006fe3-bd0f-421a-8256-44215653fa0d&#8221; custom_margin=&#8221;||30px||false|false&#8221; animation_style=&#8221;slide&#8221; animation_direction=&#8221;bottom&#8221; animation_intensity_slide=&#8221;10%&#8221; global_colors_info=&#8221;{}&#8221;]<\/p>\n<p style=\"text-align: center;\">International Festival for Traditional Songs and Dances Ilinden Days \u2013 Bitola, Republic of North Macedonia<\/p>\n<p>[\/et_pb_text][\/et_pb_column][et_pb_column type=&#8221;1_4&#8243; _builder_version=&#8221;4.19.2&#8243; _module_preset=&#8221;default&#8221; global_colors_info=&#8221;{}&#8221;][et_pb_image src=&#8221;https:\/\/apcb.ro\/wp-content\/uploads\/2025\/04\/NI-CENTRE-OF-CULTURE-BITOLA-REPUBLIC-NORTH-MACEDONIA.png&#8221; title_text=&#8221;NI CENTRE OF CULTURE BITOLA, REPUBLIC NORTH MACEDONIA&#8221; align=&#8221;center&#8221; _builder_version=&#8221;4.27.4&#8243; _module_preset=&#8221;default&#8221; max_height=&#8221;55px&#8221; animation_style=&#8221;slide&#8221; animation_direction=&#8221;bottom&#8221; animation_intensity_slide=&#8221;10%&#8221; global_colors_info=&#8221;{}&#8221;][\/et_pb_image][et_pb_text _builder_version=&#8221;4.27.4&#8243; _module_preset=&#8221;e3006fe3-bd0f-421a-8256-44215653fa0d&#8221; custom_margin=&#8221;||30px||false|false&#8221; animation_style=&#8221;slide&#8221; animation_direction=&#8221;bottom&#8221; animation_intensity_slide=&#8221;10%&#8221; global_colors_info=&#8221;{}&#8221;]<\/p>\n<p style=\"text-align: center;\">Ni Centre of Culture Bitola, Republic of North Macedonia<\/p>\n<p>[\/et_pb_text][\/et_pb_column][et_pb_column type=&#8221;1_4&#8243; _builder_version=&#8221;4.19.2&#8243; _module_preset=&#8221;default&#8221; global_colors_info=&#8221;{}&#8221;][et_pb_image src=&#8221;https:\/\/apcb.ro\/wp-content\/uploads\/2025\/04\/EMBASSY-OF-ROMANIA-IN-TIRANA-REPUBLIC-OF-ALBANIA.png&#8221; title_text=&#8221;EMBASSY OF ROMANIA IN TIRANA, REPUBLIC OF ALBANIA&#8221; align=&#8221;center&#8221; _builder_version=&#8221;4.27.4&#8243; _module_preset=&#8221;default&#8221; animation_style=&#8221;slide&#8221; animation_direction=&#8221;bottom&#8221; animation_intensity_slide=&#8221;10%&#8221; global_colors_info=&#8221;{}&#8221;][\/et_pb_image][et_pb_text _builder_version=&#8221;4.27.4&#8243; _module_preset=&#8221;e3006fe3-bd0f-421a-8256-44215653fa0d&#8221; custom_margin=&#8221;||30px||false|false&#8221; animation_style=&#8221;slide&#8221; animation_direction=&#8221;bottom&#8221; animation_intensity_slide=&#8221;10%&#8221; global_colors_info=&#8221;{}&#8221;]<\/p>\n<p style=\"text-align: center;\">Embassy of Romania in Tirana, Republic of Albania<\/p>\n<p>[\/et_pb_text][\/et_pb_column][\/et_pb_row][et_pb_row column_structure=&#8221;1_4,1_4,1_4,1_4&#8243; _builder_version=&#8221;4.27.4&#8243; _module_preset=&#8221;default&#8221; custom_margin=&#8221;||||false|false&#8221; custom_padding=&#8221;0px||||false|false&#8221; hover_enabled=&#8221;0&#8243; global_colors_info=&#8221;{}&#8221; use_custom_gutter=&#8221;on&#8221; gutter_width=&#8221;3&#8243; sticky_enabled=&#8221;0&#8243;][et_pb_column type=&#8221;1_4&#8243; _builder_version=&#8221;4.19.2&#8243; _module_preset=&#8221;default&#8221; global_colors_info=&#8221;{}&#8221;][et_pb_image src=&#8221;https:\/\/apcb.ro\/wp-content\/uploads\/2025\/04\/FONDACIONI-%E2%80%9EHARRIET-MARTINEAU-TIRANA-REPUBLIC-OF-ALBANIA.png&#8221; title_text=&#8221;FONDACIONI \u201eHARRIET MARTINEAU\u201d TIRANA, REPUBLIC OF ALBANIA&#8221; align=&#8221;center&#8221; _builder_version=&#8221;4.27.4&#8243; _module_preset=&#8221;default&#8221; max_height=&#8221;55px&#8221; animation_style=&#8221;slide&#8221; animation_direction=&#8221;bottom&#8221; animation_intensity_slide=&#8221;10%&#8221; global_colors_info=&#8221;{}&#8221;][\/et_pb_image][et_pb_text _builder_version=&#8221;4.27.4&#8243; _module_preset=&#8221;e3006fe3-bd0f-421a-8256-44215653fa0d&#8221; custom_margin=&#8221;||30px||false|false&#8221; animation_style=&#8221;slide&#8221; animation_direction=&#8221;bottom&#8221; animation_intensity_slide=&#8221;10%&#8221; global_colors_info=&#8221;{}&#8221;]<\/p>\n<p style=\"text-align: center;\">&#8220;Harriet Martineau&#8221; Foundation Tirana, Republic of Albania<\/p>\n<p>[\/et_pb_text][\/et_pb_column][et_pb_column type=&#8221;1_4&#8243; _builder_version=&#8221;4.19.2&#8243; _module_preset=&#8221;default&#8221; global_colors_info=&#8221;{}&#8221;][et_pb_image src=&#8221;https:\/\/apcb.ro\/wp-content\/uploads\/2025\/04\/HONORARY-CONSULATE-OF-ROMANIA-IN-BITOLA-REPUBLIC-NORTH-MACEDONIA.png&#8221; title_text=&#8221;HONORARY CONSULATE OF ROMANIA IN BITOLA , REPUBLIC NORTH MACEDONIA&#8221; align=&#8221;center&#8221; _builder_version=&#8221;4.27.4&#8243; _module_preset=&#8221;default&#8221; animation_style=&#8221;slide&#8221; animation_direction=&#8221;bottom&#8221; animation_intensity_slide=&#8221;10%&#8221; global_colors_info=&#8221;{}&#8221;][\/et_pb_image][et_pb_text _builder_version=&#8221;4.27.4&#8243; _module_preset=&#8221;e3006fe3-bd0f-421a-8256-44215653fa0d&#8221; custom_margin=&#8221;||30px||false|false&#8221; animation_style=&#8221;slide&#8221; animation_direction=&#8221;bottom&#8221; animation_intensity_slide=&#8221;10%&#8221; global_colors_info=&#8221;{}&#8221;]<\/p>\n<p style=\"text-align: center;\">Honorary Consulate of Romania in Bitola, Republic of North Macedonia<\/p>\n<p>[\/et_pb_text][\/et_pb_column][et_pb_column type=&#8221;1_4&#8243; _builder_version=&#8221;4.19.2&#8243; _module_preset=&#8221;default&#8221; global_colors_info=&#8221;{}&#8221;][et_pb_image src=&#8221;https:\/\/apcb.ro\/wp-content\/uploads\/2025\/04\/ACADEMY-OF-ARTS-UNIVERSITY-OF-NOVI-SAD-DEPARTMENT-OF-MUSIC-REPUBLIC-OF-SERBIA.jpg&#8221; title_text=&#8221;ACADEMY OF ARTS, UNIVERSITY OF NOVI SAD, DEPARTMENT OF MUSIC, REPUBLIC OF SERBIA&#8221; align=&#8221;center&#8221; _builder_version=&#8221;4.27.4&#8243; _module_preset=&#8221;default&#8221; max_height=&#8221;55px&#8221; animation_style=&#8221;slide&#8221; animation_direction=&#8221;bottom&#8221; animation_intensity_slide=&#8221;10%&#8221; global_colors_info=&#8221;{}&#8221;][\/et_pb_image][et_pb_text _builder_version=&#8221;4.27.4&#8243; _module_preset=&#8221;e3006fe3-bd0f-421a-8256-44215653fa0d&#8221; custom_margin=&#8221;||30px||false|false&#8221; animation_style=&#8221;slide&#8221; animation_direction=&#8221;bottom&#8221; animation_intensity_slide=&#8221;10%&#8221; global_colors_info=&#8221;{}&#8221;]<\/p>\n<p style=\"text-align: center;\">Academy of Arts, University of Novi Sad, Department of Music, Republic of Serbia<\/p>\n<p>[\/et_pb_text][\/et_pb_column][et_pb_column type=&#8221;1_4&#8243; _builder_version=&#8221;4.19.2&#8243; _module_preset=&#8221;default&#8221; global_colors_info=&#8221;{}&#8221;][et_pb_image src=&#8221;https:\/\/apcb.ro\/wp-content\/uploads\/2025\/04\/UNIVERSITY-GOCE-DELCEV-MUSIC-ACADEMY-STIP-REPUBLIC-OF-NORTH-MACEDONIA.png&#8221; title_text=&#8221;UNIVERSITY GOCE DELCEV, MUSIC ACADEMY, STIP, REPUBLIC OF NORTH MACEDONIA&#8221; align=&#8221;center&#8221; _builder_version=&#8221;4.27.4&#8243; _module_preset=&#8221;default&#8221; animation_style=&#8221;slide&#8221; animation_direction=&#8221;bottom&#8221; animation_intensity_slide=&#8221;10%&#8221; global_colors_info=&#8221;{}&#8221;][\/et_pb_image][et_pb_text _builder_version=&#8221;4.27.4&#8243; _module_preset=&#8221;e3006fe3-bd0f-421a-8256-44215653fa0d&#8221; custom_margin=&#8221;||30px||false|false&#8221; animation_style=&#8221;slide&#8221; animation_direction=&#8221;bottom&#8221; animation_intensity_slide=&#8221;10%&#8221; global_colors_info=&#8221;{}&#8221;]<\/p>\n<p style=\"text-align: center;\">University &#8220;Goce Delcev&#8221;, Music Academy, Stip, Republic of North Macedonia<\/p>\n<p>[\/et_pb_text][\/et_pb_column][\/et_pb_row][et_pb_row column_structure=&#8221;1_4,1_4,1_4,1_4&#8243; _builder_version=&#8221;4.27.4&#8243; _module_preset=&#8221;default&#8221; custom_padding=&#8221;0px||||false|false&#8221; hover_enabled=&#8221;0&#8243; global_colors_info=&#8221;{}&#8221; use_custom_gutter=&#8221;on&#8221; gutter_width=&#8221;3&#8243; sticky_enabled=&#8221;0&#8243;][et_pb_column type=&#8221;1_4&#8243; _builder_version=&#8221;4.19.2&#8243; _module_preset=&#8221;default&#8221; global_colors_info=&#8221;{}&#8221;][et_pb_image src=&#8221;https:\/\/apcb.ro\/wp-content\/uploads\/2025\/04\/WEST-UNIVERSITY-OF-TIMISOARA-ROMANIA.png&#8221; title_text=&#8221;WEST UNIVERSITY OF TIMISOARA, ROMANIA&#8221; align=&#8221;center&#8221; _builder_version=&#8221;4.27.4&#8243; _module_preset=&#8221;default&#8221; max_height=&#8221;55px&#8221; animation_style=&#8221;slide&#8221; animation_direction=&#8221;bottom&#8221; animation_intensity_slide=&#8221;10%&#8221; global_colors_info=&#8221;{}&#8221;][\/et_pb_image][et_pb_text _builder_version=&#8221;4.27.4&#8243; _module_preset=&#8221;e3006fe3-bd0f-421a-8256-44215653fa0d&#8221; custom_margin=&#8221;||30px||false|false&#8221; animation_style=&#8221;slide&#8221; animation_direction=&#8221;bottom&#8221; animation_intensity_slide=&#8221;10%&#8221; global_colors_info=&#8221;{}&#8221;]<\/p>\n<p style=\"text-align: center;\">West University of Timisoara, Romania<\/p>\n<p>[\/et_pb_text][\/et_pb_column][et_pb_column type=&#8221;1_4&#8243; _builder_version=&#8221;4.19.2&#8243; _module_preset=&#8221;default&#8221; global_colors_info=&#8221;{}&#8221;][et_pb_image src=&#8221;https:\/\/apcb.ro\/wp-content\/uploads\/2025\/04\/FACULTY-OF-MUSIC-AND-THEATER-TIMISOARA-ROMANIA.jpg&#8221; title_text=&#8221;FACULTY OF MUSIC AND THEATER, TIMI\u0218OARA, ROMANIA&#8221; align=&#8221;center&#8221; _builder_version=&#8221;4.27.4&#8243; _module_preset=&#8221;default&#8221; max_height=&#8221;55px&#8221; animation_style=&#8221;slide&#8221; animation_direction=&#8221;bottom&#8221; animation_intensity_slide=&#8221;10%&#8221; global_colors_info=&#8221;{}&#8221;][\/et_pb_image][et_pb_text _builder_version=&#8221;4.27.4&#8243; _module_preset=&#8221;e3006fe3-bd0f-421a-8256-44215653fa0d&#8221; custom_margin=&#8221;||30px||false|false&#8221; animation_style=&#8221;slide&#8221; animation_direction=&#8221;bottom&#8221; animation_intensity_slide=&#8221;10%&#8221; global_colors_info=&#8221;{}&#8221;]<\/p>\n<p style=\"text-align: center;\">Faculty of Music and Theater, Timi\u0219oara, Romania<\/p>\n<p>[\/et_pb_text][\/et_pb_column][et_pb_column type=&#8221;1_4&#8243; _builder_version=&#8221;4.19.2&#8243; _module_preset=&#8221;default&#8221; global_colors_info=&#8221;{}&#8221;][et_pb_image src=&#8221;https:\/\/apcb.ro\/wp-content\/uploads\/2025\/04\/ACADEMY-OF-ARTS-UNIVERSITY-OF-BANJA-LUKA-REPUBLIC-OF-SRPSKA-BOSNIA-AND-HERZEGOVINA.png&#8221; title_text=&#8221;ACADEMY OF ARTS, UNIVERSITY OF BANJA LUKA, REPUBLIC OF SRPSKA, BOSNIA AND HERZEGOVINA&#8221; align=&#8221;center&#8221; _builder_version=&#8221;4.27.4&#8243; _module_preset=&#8221;default&#8221; max_height=&#8221;55px&#8221; animation_style=&#8221;slide&#8221; animation_direction=&#8221;bottom&#8221; animation_intensity_slide=&#8221;10%&#8221; global_colors_info=&#8221;{}&#8221;][\/et_pb_image][et_pb_text _builder_version=&#8221;4.27.4&#8243; _module_preset=&#8221;e3006fe3-bd0f-421a-8256-44215653fa0d&#8221; custom_margin=&#8221;||30px||false|false&#8221; animation_style=&#8221;slide&#8221; animation_direction=&#8221;bottom&#8221; animation_intensity_slide=&#8221;10%&#8221; global_colors_info=&#8221;{}&#8221;]<\/p>\n<p style=\"text-align: center;\">Academy of Arts, University of Banja Luka, Republic of Srpska, Bosnia and Herzegovina<\/p>\n<p>[\/et_pb_text][\/et_pb_column][et_pb_column type=&#8221;1_4&#8243; _builder_version=&#8221;4.19.2&#8243; _module_preset=&#8221;default&#8221; global_colors_info=&#8221;{}&#8221;][et_pb_image src=&#8221;https:\/\/apcb.ro\/wp-content\/uploads\/2025\/04\/MUSICOLOGICAL-SOCIETY-OF-THE-REPUBLIC-OF-SRPSKA-BOSNIA-AND-HERZEGOVINA.jpg&#8221; title_text=&#8221;MUSICOLOGICAL SOCIETY OF THE REPUBLIC OF SRPSKA, BOSNIA AND HERZEGOVINA&#8221; align=&#8221;center&#8221; _builder_version=&#8221;4.27.4&#8243; _module_preset=&#8221;default&#8221; max_height=&#8221;55px&#8221; animation_style=&#8221;slide&#8221; animation_direction=&#8221;bottom&#8221; animation_intensity_slide=&#8221;10%&#8221; global_colors_info=&#8221;{}&#8221;][\/et_pb_image][et_pb_text _builder_version=&#8221;4.27.4&#8243; _module_preset=&#8221;e3006fe3-bd0f-421a-8256-44215653fa0d&#8221; custom_margin=&#8221;||30px||false|false&#8221; animation_style=&#8221;slide&#8221; animation_direction=&#8221;bottom&#8221; animation_intensity_slide=&#8221;10%&#8221; global_colors_info=&#8221;{}&#8221;]<\/p>\n<p style=\"text-align: center;\">Musicological Society of the Republic of Srpska, Bosnia and Herzegovina<\/p>\n<p>[\/et_pb_text][\/et_pb_column][\/et_pb_row][et_pb_row column_structure=&#8221;1_4,1_4,1_4,1_4&#8243; _builder_version=&#8221;4.27.4&#8243; _module_preset=&#8221;default&#8221; custom_padding=&#8221;0px||||false|false&#8221; hover_enabled=&#8221;0&#8243; global_colors_info=&#8221;{}&#8221; use_custom_gutter=&#8221;on&#8221; gutter_width=&#8221;3&#8243; sticky_enabled=&#8221;0&#8243;][et_pb_column type=&#8221;1_4&#8243; _builder_version=&#8221;4.19.2&#8243; _module_preset=&#8221;default&#8221; global_colors_info=&#8221;{}&#8221;][et_pb_image src=&#8221;https:\/\/apcb.ro\/wp-content\/uploads\/2025\/04\/MUZEUL-JUDETEAN-DE-ETNOGRAFIE-SI-AL-REGIMENTULUI-DE-GRANITA-DIN-CARANSEBES-ROMANIA.png&#8221; title_text=&#8221;MUZEUL JUDE\u0162EAN DE ETNOGRAFIE \u015eI AL REGIMENTULUI DE GRANI\u0162\u0102 DIN CARANSEBE\u015e, ROM\u00c2NIA&#8221; align=&#8221;center&#8221; _builder_version=&#8221;4.27.4&#8243; _module_preset=&#8221;default&#8221; max_height=&#8221;55px&#8221; animation_style=&#8221;slide&#8221; animation_direction=&#8221;bottom&#8221; animation_intensity_slide=&#8221;10%&#8221; global_colors_info=&#8221;{}&#8221;][\/et_pb_image][et_pb_text _builder_version=&#8221;4.27.4&#8243; _module_preset=&#8221;e3006fe3-bd0f-421a-8256-44215653fa0d&#8221; custom_margin=&#8221;||30px||false|false&#8221; animation_style=&#8221;slide&#8221; animation_direction=&#8221;bottom&#8221; animation_intensity_slide=&#8221;10%&#8221; global_colors_info=&#8221;{}&#8221;]<\/p>\n<p style=\"text-align: center;\">County Museum of Ethnography and Border Regiment of Caransebe\u0219, Romania<\/p>\n<p>[\/et_pb_text][\/et_pb_column][et_pb_column type=&#8221;1_4&#8243; _builder_version=&#8221;4.19.2&#8243; _module_preset=&#8221;default&#8221; global_colors_info=&#8221;{}&#8221;][et_pb_image src=&#8221;https:\/\/apcb.ro\/wp-content\/uploads\/2025\/04\/UNION-OF-SERBS-\u2013-ROMANIA.png&#8221; title_text=&#8221;UNION OF SERBS \u2013 ROMANIA&#8221; align=&#8221;center&#8221; _builder_version=&#8221;4.27.4&#8243; _module_preset=&#8221;default&#8221; max_height=&#8221;55px&#8221; animation_style=&#8221;slide&#8221; animation_direction=&#8221;bottom&#8221; animation_intensity_slide=&#8221;10%&#8221; hover_enabled=&#8221;0&#8243; global_colors_info=&#8221;{}&#8221; sticky_enabled=&#8221;0&#8243;][\/et_pb_image][et_pb_text _builder_version=&#8221;4.27.4&#8243; _module_preset=&#8221;e3006fe3-bd0f-421a-8256-44215653fa0d&#8221; custom_margin=&#8221;||30px||false|false&#8221; animation_style=&#8221;slide&#8221; animation_direction=&#8221;bottom&#8221; animation_intensity_slide=&#8221;10%&#8221; global_colors_info=&#8221;{}&#8221;]<\/p>\n<p style=\"text-align: center;\">Union of Serbs \u2013 Romania<\/p>\n<p>[\/et_pb_text][\/et_pb_column][et_pb_column type=&#8221;1_4&#8243; _builder_version=&#8221;4.19.2&#8243; _module_preset=&#8221;default&#8221; global_colors_info=&#8221;{}&#8221;][et_pb_image src=&#8221;https:\/\/apcb.ro\/wp-content\/uploads\/2025\/04\/INSTITUTE-OF-CULTURE-OF-ROMANIANS-FROM-VOJVODINA-SERBIA.jpg&#8221; title_text=&#8221;INSTITUTE OF CULTURE OF ROMANIANS FROM VOJVODINA, SERBIA&#8221; align=&#8221;center&#8221; _builder_version=&#8221;4.27.4&#8243; _module_preset=&#8221;default&#8221; max_height=&#8221;55px&#8221; animation_style=&#8221;slide&#8221; animation_direction=&#8221;bottom&#8221; animation_intensity_slide=&#8221;10%&#8221; global_colors_info=&#8221;{}&#8221;][\/et_pb_image][et_pb_text _builder_version=&#8221;4.27.4&#8243; _module_preset=&#8221;e3006fe3-bd0f-421a-8256-44215653fa0d&#8221; custom_margin=&#8221;||30px||false|false&#8221; animation_style=&#8221;slide&#8221; animation_direction=&#8221;bottom&#8221; animation_intensity_slide=&#8221;10%&#8221; global_colors_info=&#8221;{}&#8221;]<\/p>\n<p style=\"text-align: center;\">Institute of Culture of Romanians From Vojvodina, Serbia<\/p>\n<p>[\/et_pb_text][\/et_pb_column][et_pb_column type=&#8221;1_4&#8243; _builder_version=&#8221;4.19.2&#8243; _module_preset=&#8221;default&#8221; global_colors_info=&#8221;{}&#8221;][et_pb_image src=&#8221;https:\/\/apcb.ro\/wp-content\/uploads\/2025\/04\/LICEUL-DE-ARTA-ION-VIDU.-TIMISOARA-ROMANIA.png&#8221; title_text=&#8221;LICEUL DE ART\u0102 ION VIDU. TIMI\u0218OARA, ROM\u00c2NIA&#8221; align=&#8221;center&#8221; _builder_version=&#8221;4.27.4&#8243; _module_preset=&#8221;default&#8221; max_height=&#8221;55px&#8221; animation_style=&#8221;slide&#8221; animation_direction=&#8221;bottom&#8221; animation_intensity_slide=&#8221;10%&#8221; global_colors_info=&#8221;{}&#8221;][\/et_pb_image][et_pb_text _builder_version=&#8221;4.27.4&#8243; _module_preset=&#8221;e3006fe3-bd0f-421a-8256-44215653fa0d&#8221; custom_margin=&#8221;||30px||false|false&#8221; animation_style=&#8221;slide&#8221; animation_direction=&#8221;bottom&#8221; animation_intensity_slide=&#8221;10%&#8221; global_colors_info=&#8221;{}&#8221;]<\/p>\n<p style=\"text-align: center;\">Ion Vidu Art High School, Timi\u0219oara, Romania <\/p>\n<p>[\/et_pb_text][\/et_pb_column][\/et_pb_row][et_pb_row column_structure=&#8221;1_4,1_4,1_4,1_4&#8243; _builder_version=&#8221;4.27.4&#8243; _module_preset=&#8221;default&#8221; custom_padding=&#8221;0px||||false|false&#8221; hover_enabled=&#8221;0&#8243; global_colors_info=&#8221;{}&#8221; use_custom_gutter=&#8221;on&#8221; gutter_width=&#8221;3&#8243; sticky_enabled=&#8221;0&#8243;][et_pb_column type=&#8221;1_4&#8243; _builder_version=&#8221;4.19.2&#8243; _module_preset=&#8221;default&#8221; global_colors_info=&#8221;{}&#8221;][et_pb_image src=&#8221;https:\/\/apcb.ro\/wp-content\/uploads\/2025\/04\/EDITURA-EUROSTAMPA-TIMISOARA-ROMANIA.png&#8221; title_text=&#8221;EDITURA EUROSTAMPA, TIMI\u0218OARA, ROMANIA&#8221; align=&#8221;center&#8221; _builder_version=&#8221;4.27.4&#8243; _module_preset=&#8221;default&#8221; max_height=&#8221;55px&#8221; animation_style=&#8221;slide&#8221; animation_direction=&#8221;bottom&#8221; animation_intensity_slide=&#8221;10%&#8221; global_colors_info=&#8221;{}&#8221;][\/et_pb_image][et_pb_text _builder_version=&#8221;4.27.4&#8243; _module_preset=&#8221;e3006fe3-bd0f-421a-8256-44215653fa0d&#8221; custom_margin=&#8221;||30px||false|false&#8221; animation_style=&#8221;slide&#8221; animation_direction=&#8221;bottom&#8221; animation_intensity_slide=&#8221;10%&#8221; global_colors_info=&#8221;{}&#8221;]<\/p>\n<p style=\"text-align: center;\">Eurostampa Publishing House, Timi\u0219oara, Romania<\/p>\n<p>[\/et_pb_text][\/et_pb_column][et_pb_column type=&#8221;1_4&#8243; _builder_version=&#8221;4.19.2&#8243; _module_preset=&#8221;default&#8221; global_colors_info=&#8221;{}&#8221;][et_pb_text _builder_version=&#8221;4.27.4&#8243; _module_preset=&#8221;e3006fe3-bd0f-421a-8256-44215653fa0d&#8221; custom_margin=&#8221;||30px||false|false&#8221; animation_style=&#8221;slide&#8221; animation_direction=&#8221;bottom&#8221; animation_intensity_slide=&#8221;10%&#8221; global_colors_info=&#8221;{}&#8221;]<\/p>\n<p style=\"text-align: center;\">Romanian Society of Ethnography and Folklore From Vojvodina, Serbia<\/p>\n<p>[\/et_pb_text][\/et_pb_column][et_pb_column type=&#8221;1_4&#8243; _builder_version=&#8221;4.19.2&#8243; _module_preset=&#8221;default&#8221; global_colors_info=&#8221;{}&#8221;][\/et_pb_column][et_pb_column type=&#8221;1_4&#8243; _builder_version=&#8221;4.19.2&#8243; _module_preset=&#8221;default&#8221; global_colors_info=&#8221;{}&#8221;][\/et_pb_column][\/et_pb_row][\/et_pb_section]<\/p>\n","protected":false},"excerpt":{"rendered":"<p>PartnersAcademic Society for Music Cultivation Gusle Kikinda, Republic of SerbiaInternational Festival for Traditional Songs and Dances Ilinden Days \u2013 Bitola, Republic of North MacedoniaNi Centre of Culture Bitola, Republic of North MacedoniaEmbassy of Romania in Tirana, Republic of Albania&#8221;Harriet Martineau&#8221; Foundation Tirana, Republic of AlbaniaHonorary Consulate of Romania in Bitola, Republic of North MacedoniaAcademy of [&hellip;]<\/p>\n","protected":false},"author":1,"featured_media":0,"parent":0,"menu_order":0,"comment_status":"closed","ping_status":"closed","template":"","meta":{"_et_pb_use_builder":"on","_et_pb_old_content":"","_et_gb_content_width":"","_monsterinsights_skip_tracking":false,"_monsterinsights_sitenote_active":false,"_monsterinsights_sitenote_note":"","_monsterinsights_sitenote_category":0,"footnotes":""},"class_list":["post-637","page","type-page","status-publish","hentry"],"yoast_head":"<!-- This site is optimized with the Yoast SEO plugin v26.8 - https:\/\/yoast.com\/product\/yoast-seo-wordpress\/ -->\n<title>Partners - Asocia\u021bia pentru Cultur\u0103 B\u0103n\u0103\u021bean\u0103 din Timi\u0219oara<\/title>\n<meta name=\"robots\" content=\"index, follow, max-snippet:-1, max-image-preview:large, max-video-preview:-1\" \/>\n<link rel=\"canonical\" href=\"https:\/\/apcb.ro\/parteneri\/\" \/>\n<meta property=\"og:locale\" content=\"en_US\" \/>\n<meta property=\"og:type\" content=\"article\" \/>\n<meta property=\"og:title\" content=\"Partners - Asocia\u021bia pentru Cultur\u0103 B\u0103n\u0103\u021bean\u0103 din Timi\u0219oara\" \/>\n<meta property=\"og:description\" content=\"PartnersAcademic Society for Music Cultivation Gusle Kikinda, Republic of SerbiaInternational Festival for Traditional Songs and Dances Ilinden Days \u2013 Bitola, Republic of North MacedoniaNi Centre of Culture Bitola, Republic of North MacedoniaEmbassy of Romania in Tirana, Republic of Albania&quot;Harriet Martineau&quot; Foundation Tirana, Republic of AlbaniaHonorary Consulate of Romania in Bitola, Republic of North MacedoniaAcademy of [&hellip;]\" \/>\n<meta property=\"og:url\" content=\"https:\/\/apcb.ro\/parteneri\/\" \/>\n<meta property=\"og:site_name\" content=\"Asocia\u021bia pentru Cultur\u0103 B\u0103n\u0103\u021bean\u0103 din Timi\u0219oara\" \/>\n<meta property=\"article:modified_time\" content=\"2025-08-30T23:02:52+00:00\" \/>\n<meta name=\"twitter:card\" content=\"summary_large_image\" \/>\n<meta name=\"twitter:label1\" content=\"Est. reading time\" \/>\n\t<meta name=\"twitter:data1\" content=\"11 minutes\" \/>\n<script type=\"application\/ld+json\" class=\"yoast-schema-graph\">{\"@context\":\"https:\/\/schema.org\",\"@graph\":[{\"@type\":\"WebPage\",\"@id\":\"https:\/\/apcb.ro\/parteneri\/\",\"url\":\"https:\/\/apcb.ro\/parteneri\/\",\"name\":\"Partners - Asocia\u021bia pentru Cultur\u0103 B\u0103n\u0103\u021bean\u0103 din Timi\u0219oara\",\"isPartOf\":{\"@id\":\"https:\/\/apcb.ro\/#website\"},\"datePublished\":\"2025-04-30T19:25:16+00:00\",\"dateModified\":\"2025-08-30T23:02:52+00:00\",\"breadcrumb\":{\"@id\":\"https:\/\/apcb.ro\/parteneri\/#breadcrumb\"},\"inLanguage\":\"en-US\",\"potentialAction\":[{\"@type\":\"ReadAction\",\"target\":[\"https:\/\/apcb.ro\/parteneri\/\"]}]},{\"@type\":\"BreadcrumbList\",\"@id\":\"https:\/\/apcb.ro\/parteneri\/#breadcrumb\",\"itemListElement\":[{\"@type\":\"ListItem\",\"position\":1,\"name\":\"Prima pagin\u0103\",\"item\":\"https:\/\/apcb.ro\/en\/\"},{\"@type\":\"ListItem\",\"position\":2,\"name\":\"Partners\"}]},{\"@type\":\"WebSite\",\"@id\":\"https:\/\/apcb.ro\/#website\",\"url\":\"https:\/\/apcb.ro\/\",\"name\":\"Asocia\u021bia pentru Cultur\u0103 B\u0103n\u0103\u021bean\u0103 din Timi\u0219oara\",\"description\":\"apcb\",\"potentialAction\":[{\"@type\":\"SearchAction\",\"target\":{\"@type\":\"EntryPoint\",\"urlTemplate\":\"https:\/\/apcb.ro\/?s={search_term_string}\"},\"query-input\":{\"@type\":\"PropertyValueSpecification\",\"valueRequired\":true,\"valueName\":\"search_term_string\"}}],\"inLanguage\":\"en-US\"}]}<\/script>\n<!-- \/ Yoast SEO plugin. -->","yoast_head_json":{"title":"Partners - Asocia\u021bia pentru Cultur\u0103 B\u0103n\u0103\u021bean\u0103 din Timi\u0219oara","robots":{"index":"index","follow":"follow","max-snippet":"max-snippet:-1","max-image-preview":"max-image-preview:large","max-video-preview":"max-video-preview:-1"},"canonical":"https:\/\/apcb.ro\/parteneri\/","og_locale":"en_US","og_type":"article","og_title":"Partners - Asocia\u021bia pentru Cultur\u0103 B\u0103n\u0103\u021bean\u0103 din Timi\u0219oara","og_description":"PartnersAcademic Society for Music Cultivation Gusle Kikinda, Republic of SerbiaInternational Festival for Traditional Songs and Dances Ilinden Days \u2013 Bitola, Republic of North MacedoniaNi Centre of Culture Bitola, Republic of North MacedoniaEmbassy of Romania in Tirana, Republic of Albania\"Harriet Martineau\" Foundation Tirana, Republic of AlbaniaHonorary Consulate of Romania in Bitola, Republic of North MacedoniaAcademy of [&hellip;]","og_url":"https:\/\/apcb.ro\/parteneri\/","og_site_name":"Asocia\u021bia pentru Cultur\u0103 B\u0103n\u0103\u021bean\u0103 din Timi\u0219oara","article_modified_time":"2025-08-30T23:02:52+00:00","twitter_card":"summary_large_image","twitter_misc":{"Est. reading time":"11 minutes"},"schema":{"@context":"https:\/\/schema.org","@graph":[{"@type":"WebPage","@id":"https:\/\/apcb.ro\/parteneri\/","url":"https:\/\/apcb.ro\/parteneri\/","name":"Partners - Asocia\u021bia pentru Cultur\u0103 B\u0103n\u0103\u021bean\u0103 din Timi\u0219oara","isPartOf":{"@id":"https:\/\/apcb.ro\/#website"},"datePublished":"2025-04-30T19:25:16+00:00","dateModified":"2025-08-30T23:02:52+00:00","breadcrumb":{"@id":"https:\/\/apcb.ro\/parteneri\/#breadcrumb"},"inLanguage":"en-US","potentialAction":[{"@type":"ReadAction","target":["https:\/\/apcb.ro\/parteneri\/"]}]},{"@type":"BreadcrumbList","@id":"https:\/\/apcb.ro\/parteneri\/#breadcrumb","itemListElement":[{"@type":"ListItem","position":1,"name":"Prima pagin\u0103","item":"https:\/\/apcb.ro\/en\/"},{"@type":"ListItem","position":2,"name":"Partners"}]},{"@type":"WebSite","@id":"https:\/\/apcb.ro\/#website","url":"https:\/\/apcb.ro\/","name":"Asocia\u021bia pentru Cultur\u0103 B\u0103n\u0103\u021bean\u0103 din Timi\u0219oara","description":"apcb","potentialAction":[{"@type":"SearchAction","target":{"@type":"EntryPoint","urlTemplate":"https:\/\/apcb.ro\/?s={search_term_string}"},"query-input":{"@type":"PropertyValueSpecification","valueRequired":true,"valueName":"search_term_string"}}],"inLanguage":"en-US"}]}},"_links":{"self":[{"href":"https:\/\/apcb.ro\/en\/wp-json\/wp\/v2\/pages\/637","targetHints":{"allow":["GET"]}}],"collection":[{"href":"https:\/\/apcb.ro\/en\/wp-json\/wp\/v2\/pages"}],"about":[{"href":"https:\/\/apcb.ro\/en\/wp-json\/wp\/v2\/types\/page"}],"author":[{"embeddable":true,"href":"https:\/\/apcb.ro\/en\/wp-json\/wp\/v2\/users\/1"}],"replies":[{"embeddable":true,"href":"https:\/\/apcb.ro\/en\/wp-json\/wp\/v2\/comments?post=637"}],"version-history":[{"count":1,"href":"https:\/\/apcb.ro\/en\/wp-json\/wp\/v2\/pages\/637\/revisions"}],"predecessor-version":[{"id":720,"href":"https:\/\/apcb.ro\/en\/wp-json\/wp\/v2\/pages\/637\/revisions\/720"}],"wp:attachment":[{"href":"https:\/\/apcb.ro\/en\/wp-json\/wp\/v2\/media?parent=637"}],"curies":[{"name":"wp","href":"https:\/\/api.w.org\/{rel}","templated":true}]}}